{"id":788,"date":"2024-03-22T09:22:29","date_gmt":"2024-03-22T08:22:29","guid":{"rendered":"http:\/\/ddauteure.fr\/?post_type=tribe_events&#038;p=788"},"modified":"2024-03-22T09:45:59","modified_gmt":"2024-03-22T08:45:59","slug":"rencontres-dedicaces-a-lisle-dabeau-38","status":"publish","type":"tribe_events","link":"http:\/\/ddauteure.fr\/index.php\/event\/rencontres-dedicaces-a-lisle-dabeau-38\/","title":{"rendered":"Rencontres\/ D\u00e9dicaces \u00e0 L&rsquo;Isle d&rsquo;Abeau (38)"},"content":{"rendered":"<div  class=\"tribe-events-schedule tribe-clearfix\" >\n\t<h2 class=\"tribe-events-schedule__datetime\">\n\t\t<span class=\"tribe-events-schedule__date tribe-events-schedule__date--start\">\n\t\t\t29 juin, 2024\t\t<\/span>\n\n\t\t\t\t\t<span class=\"tribe-events-schedule__separator tribe-events-schedule__separator--date\">\n\t\t\t\t  \t\t\t<\/span>\n\t\t\t<span class=\"tribe-events-schedule__time tribe-events-schedule__time--start\">\n\t\t\t\t9 h 00 min\t\t\t<\/span>\n\t\t\n\t\t\t\t\t\t\t\t\t<span class=\"tribe-events-schedule__separator tribe-events-schedule__separator--time\">\n\t\t\t\t\t &#8211; \t\t\t\t<\/span>\n\t\t\t\n\t\t\t\t\t\t\t<span class=\"tribe-events-schedule__time tribe-events-schedule__time--end\">\n\t\t\t\t\t18 h 00 min\t\t\t\t<\/span>\n\t\t\t\n\t\t\t\t\t\t<\/h2>\n<\/div>\n\n\n\n<p>Je vous retrouverai \u00e0 nouveau \u00e0 la FNAC de L&rsquo;Isle d&rsquo;Abeau pour vous pr\u00e9senter le dernier tome de la saga. Je vous y attends nombreux.<\/p>\n\n\n\n<figure class=\"wp-block-image size-large\"><img decoding=\"async\" loading=\"lazy\" width=\"1024\" height=\"384\" src=\"http:\/\/ddauteure.fr\/wp-content\/uploads\/2024\/03\/Montage-4-tomes-horiz-1024x384.png\" alt=\"\" class=\"wp-image-782\" srcset=\"http:\/\/ddauteure.fr\/wp-content\/uploads\/2024\/03\/Montage-4-tomes-horiz-1024x384.png 1024w, http:\/\/ddauteure.fr\/wp-content\/uploads\/2024\/03\/Montage-4-tomes-horiz-300x112.png 300w, http:\/\/ddauteure.fr\/wp-content\/uploads\/2024\/03\/Montage-4-tomes-horiz-768x288.png 768w, http:\/\/ddauteure.fr\/wp-content\/uploads\/2024\/03\/Montage-4-tomes-horiz-1536x576.png 1536w, http:\/\/ddauteure.fr\/wp-content\/uploads\/2024\/03\/Montage-4-tomes-horiz-2048x767.png 2048w\" sizes=\"(max-width: 1024px) 100vw, 1024px\" \/><\/figure>\n\n\n<div  class=\"tribe-block tribe-block__venue tribe-clearfix tribe-block__venue--has-map\" >\n\t\n\t\n<div class=\"tribe-block__venue__meta\">\n\t<div class=\"tribe-block__venue__name\">\n\t\t<h3>FNAC L&rsquo;ISLE D&rsquo;ABEAU<\/h3>\n\t<\/div>\n\n\t\n\t\t\t<address class=\"tribe-block__venue__address\">\n\t\t\t<span class=\"tribe-address\">\n\n<span class=\"tribe-street-address\">8 rue des Sayes<\/span>\n\t\n\t\t<br>\n\t\t<span class=\"tribe-locality\">L&#039;Isle d&#039;Abeau<\/span><span class=\"tribe-delimiter\">,<\/span>\n\n\n\t<span class=\"tribe-postal-code\">38080<\/span>\n\n\t<span class=\"tribe-country-name\">France<\/span>\n\n<\/span>\n\n\t\t\t\t\t\t\t<a class=\"tribe-events-gmap\" href=\"https:\/\/maps.google.com\/maps?f=q&#038;source=s_q&#038;hl=en&#038;geocode=&#038;q=8+rue+des+Sayes+L%26%23039%3BIsle+d%26%23039%3BAbeau+38080+France\" title=\"Cliquez pour voir une carte Google Map\" target=\"_blank\" rel=\"noreferrer noopener\">+ Google Map<\/a>\t\t\t\t\t<\/address>\n\t\n\t\n\t\n\t<\/div>\n\t\n<div class=\"tribe-block__venue__map\">\n\t\n<iframe loading=\"lazy\"\n  title=\"L\u2018iframe Google maps affichant l\u2019adresse \u00e0 FNAC L&rsquo;ISLE D&rsquo;ABEAU\"\n  aria-label=\"Plan des lieux\"\n  width=\"310px\"\n  height=\"256px\"\n  frameborder=\"0\" style=\"border:0\"\n  src=\"https:\/\/www.google.com\/maps\/embed\/v1\/place?key=AIzaSyDNsicAsP6-VuGtAb1O9riI3oc_NOb7IOU&#038;q=8+rue+des+Sayes+L%26%23039%3BIsle+d%26%23039%3BAbeau+38080+France+&#038;zoom=10\" allowfullscreen>\n<\/iframe>\n<\/div>\n\n\t<\/div>\n\n\n<div  class=\"tribe-block tribe-block__event-website\" >\n\t<a\n\t\thref=\"https:\/\/www.fnac.com\/Isle-d-Abeau\/Fnac-Isle-d-Abeau\/cl695\/w-4\"\n\t\ttarget=\"_self\"\n\t\t\t>\n\t\tSite de la FNAC\t<\/a>\n<\/div>\n","protected":false},"excerpt":{"rendered":"<p>Je vous retrouverai \u00e0 nouveau \u00e0 la FNAC de L&rsquo;Isle d&rsquo;Abeau pour vous pr\u00e9senter le dernier tome de la saga. Je vous y attends nombreux.<\/p>\n","protected":false},"author":1,"featured_media":782,"comment_status":"open","ping_status":"closed","template":"","meta":{"_EventAllDay":false,"_EventTimezone":"Europe\/Paris","_EventStartDate":"2024-06-29 09:00:00","_EventEndDate":"2024-06-29 18:00:00","_EventStartDateUTC":"2024-06-29 07:00:00","_EventEndDateUTC":"2024-06-29 16:00:00","_EventShowMap":false,"_EventShowMapLink":false,"_EventURL":"https:\/\/www.fnac.com\/Isle-d-Abeau\/Fnac-Isle-d-Abeau\/cl695\/w-4","_EventCost":"","_EventCostDescription":"","_EventCurrencySymbol":"$","_EventCurrencyCode":"USD","_EventCurrencyPosition":"prefix","_EventDateTimeSeparator":"  ","_EventTimeRangeSeparator":" - ","_EventOrganizerID":[],"_EventVenueID":[789],"_OrganizerEmail":"","_OrganizerPhone":"","_OrganizerWebsite":"","_VenueAddress":"","_VenueCity":"","_VenueCountry":"","_VenueProvince":"","_VenueState":"","_VenueZip":"","_VenuePhone":"","_VenueURL":"","_VenueStateProvince":"","_VenueLat":"","_VenueLng":"","_VenueShowMap":false,"_VenueShowMapLink":false,"_tribe_events_status":"","_tribe_events_status_reason":""},"tags":[],"tribe_events_cat":[],"_links":{"self":[{"href":"http:\/\/ddauteure.fr\/index.php\/wp-json\/wp\/v2\/tribe_events\/788"}],"collection":[{"href":"http:\/\/ddauteure.fr\/index.php\/wp-json\/wp\/v2\/tribe_events"}],"about":[{"href":"http:\/\/ddauteure.fr\/index.php\/wp-json\/wp\/v2\/types\/tribe_events"}],"author":[{"embeddable":true,"href":"http:\/\/ddauteure.fr\/index.php\/wp-json\/wp\/v2\/users\/1"}],"replies":[{"embeddable":true,"href":"http:\/\/ddauteure.fr\/index.php\/wp-json\/wp\/v2\/comments?post=788"}],"version-history":[{"count":2,"href":"http:\/\/ddauteure.fr\/index.php\/wp-json\/wp\/v2\/tribe_events\/788\/revisions"}],"predecessor-version":[{"id":802,"href":"http:\/\/ddauteure.fr\/index.php\/wp-json\/wp\/v2\/tribe_events\/788\/revisions\/802"}],"wp:featuredmedia":[{"embeddable":true,"href":"http:\/\/ddauteure.fr\/index.php\/wp-json\/wp\/v2\/media\/782"}],"wp:attachment":[{"href":"http:\/\/ddauteure.fr\/index.php\/wp-json\/wp\/v2\/media?parent=788"}],"wp:term":[{"taxonomy":"post_tag","embeddable":true,"href":"http:\/\/ddauteure.fr\/index.php\/wp-json\/wp\/v2\/tags?post=788"},{"taxonomy":"tribe_events_cat","embeddable":true,"href":"http:\/\/ddauteure.fr\/index.php\/wp-json\/wp\/v2\/tribe_events_cat?post=788"}],"curies":[{"name":"wp","href":"https:\/\/api.w.org\/{rel}","templated":true}]}}